{"id":6888,"date":"2018-06-27T17:20:20","date_gmt":"2018-06-27T22:20:20","guid":{"rendered":"http:\/\/cafedelariviera.com\/?page_id=6888"},"modified":"2018-06-27T17:20:20","modified_gmt":"2018-06-27T22:20:20","slug":"bolsa-de-trabajo","status":"publish","type":"page","link":"https:\/\/cafedelariviera.com\/index.php\/contacto\/bolsa-de-trabajo\/","title":{"rendered":"Bolsa de Trabajo"},"content":{"rendered":"<p>[vc_row row_height_type=&#8221;fixed_height&#8221; height=&#8221;350px&#8221; top=&#8221;0px&#8221; bottom=&#8221;0px&#8221; content_fadeout=&#8221;content-fadeout&#8221; bg_type=&#8221;image&#8221; bg_cover=&#8221;cover&#8221; bg_repeat=&#8221;no-repeat&#8221; bg_position=&#8221;Right top&#8221; row_seperator=&#8221;no-seperator&#8221; font_color=&#8221;#ffffff&#8221; bg_color=&#8221;#422100&#8243; bg_image=&#8221;6014&#8243;][vc_column][vc_heading h_size=&#8221;h-large&#8221; title=&#8221;Bolsa de Trabajo&#8221; title_color=&#8221;#ffffff&#8221; subtitle=&#8221;Estamos buscando talento&#8221; subtitle_color=&#8221;#ffffff&#8221; divider=&#8221;div-between&#8221; divider_type=&#8221;div-wide-thick&#8221; divider_color=&#8221;#8bdd4f&#8221; alignment=&#8221;align-left&#8221;][\/vc_column][\/vc_row][vc_row top=&#8221;100px&#8221; bottom=&#8221;70px&#8221; row_mobile_style=&#8221;ipad_full_width&#8221; row_seperator=&#8221;no-seperator&#8221;][vc_column width=&#8221;1\/2&#8243;][vc_heading h_size=&#8221;h-small&#8221; title=&#8221;Contacto y ventas en Caf\u00e9 de la Riviera&#8221; subtitle=&#8221;Env\u00edanos un mensaje&#8221; subtitle_color=&#8221;#8bdd4f&#8221; alignment=&#8221;align-left&#8221;][vc_empty_space height=&#8221;30px&#8221;]\n<div class=\"wpcf7 no-js\" id=\"wpcf7-f5821-o1\" lang=\"es-ES\" dir=\"ltr\" data-wpcf7-id=\"5821\">\n<div class=\"screen-reader-response\"><p role=\"status\" aria-live=\"polite\" aria-atomic=\"true\"><\/p> <ul><\/ul><\/div>\n<form action=\"\/index.php\/wp-json\/wp\/v2\/pages\/6888#wpcf7-f5821-o1\" method=\"post\" class=\"wpcf7-form init\" aria-label=\"Formulario de contacto\" novalidate=\"novalidate\" data-status=\"init\">\n<fieldset class=\"hidden-fields-container\"><input type=\"hidden\" name=\"_wpcf7\" value=\"5821\" \/><input type=\"hidden\" name=\"_wpcf7_version\" value=\"6.1.5\" \/><input type=\"hidden\" name=\"_wpcf7_locale\" value=\"es_ES\" \/><input type=\"hidden\" name=\"_wpcf7_unit_tag\" value=\"wpcf7-f5821-o1\" \/><input type=\"hidden\" name=\"_wpcf7_container_post\" value=\"0\" \/><input type=\"hidden\" name=\"_wpcf7_posted_data_hash\" value=\"\" \/>\n<\/fieldset>\n<p>Nombre (requerido)\n<\/p>\n<p><span class=\"wpcf7-form-control-wrap\" data-name=\"tu-nombre\"><input size=\"40\" maxlength=\"400\" class=\"wpcf7-form-control wpcf7-text wpcf7-validates-as-required\" aria-required=\"true\" aria-invalid=\"false\" value=\"\" type=\"text\" name=\"tu-nombre\" \/><\/span>\n<\/p>\n<p>Correo electr\u00f3nico (requerido)\n<\/p>\n<p><span class=\"wpcf7-form-control-wrap\" data-name=\"tu-email\"><input size=\"40\" maxlength=\"400\" class=\"wpcf7-form-control wpcf7-email wpcf7-validates-as-required wpcf7-text wpcf7-validates-as-email\" aria-required=\"true\" aria-invalid=\"false\" value=\"\" type=\"email\" name=\"tu-email\" \/><\/span>\n<\/p>\n<p>Asunto\n<\/p>\n<p><span class=\"wpcf7-form-control-wrap\" data-name=\"tu-asunto\"><input size=\"40\" maxlength=\"400\" class=\"wpcf7-form-control wpcf7-text\" aria-invalid=\"false\" value=\"\" type=\"text\" name=\"tu-asunto\" \/><\/span>\n<\/p>\n<p>Mensaje\n<\/p>\n<p><span class=\"wpcf7-form-control-wrap\" data-name=\"tu-mensaje\"><textarea cols=\"40\" rows=\"10\" maxlength=\"2000\" class=\"wpcf7-form-control wpcf7-textarea\" aria-invalid=\"false\" name=\"tu-mensaje\"><\/textarea><\/span>\n<\/p>\n<p><input class=\"wpcf7-form-control wpcf7-submit has-spinner\" type=\"submit\" value=\"Enviar\" \/>\n<\/p><div class=\"wpcf7-response-output\" aria-hidden=\"true\"><\/div>\n<\/form>\n<\/div>\n[\/vc_column][vc_column width=&#8221;1\/2&#8243; css=&#8221;.vc_custom_1412421095668{padding-left: 40px !important;}&#8221;][vc_column_text]<\/p>\n<h5><strong>Bodega y Oficina Central<\/strong><\/h5>\n<p>[\/vc_column_text][vc_empty_space height=&#8221;20px&#8221;][vc_list_item type=&#8221;entypo&#8221; icon_entypo=&#8221;entypo-icon entypo-icon-home&#8221; icon_name=&#8221;icon-home&#8221; icon_color=&#8221;#36353c&#8221;]Calle 30 Mza 92 Lote 6 Regi\u00f3n 101,<br \/>\nC.P. 77519<br \/>\nCanc\u00fan, Quintana Roo, M\u00e9xico.[\/vc_list_item][vc_list_item type=&#8221;entypo&#8221; icon_entypo=&#8221;entypo-icon entypo-icon-phone&#8221; icon_name=&#8221;icon-call-end&#8221; icon_color=&#8221;#36353c&#8221;]+52 (998) 147-1925[\/vc_list_item][vc_list_item type=&#8221;fontawesome&#8221; icon_fontawesome=&#8221;fa fa-phone&#8221; icon_name=&#8221;fa fa-fax&#8221; icon_color=&#8221;#36353c&#8221;]+52 (998) 882-5099[\/vc_list_item][vc_list_item type=&#8221;entypo&#8221; icon_entypo=&#8221;entypo-icon entypo-icon-mail&#8221; icon_name=&#8221;icon-envelope-open&#8221; icon_color=&#8221;#36353c&#8221; link=&#8221;url:mailto%3Aodiaz%40cafedelariviera.com||target:%20_blank|&#8221;]odiaz@cafedelariviera.com[\/vc_list_item][vc_list_item type=&#8221;entypo&#8221; icon_entypo=&#8221;entypo-icon entypo-icon-facebook-squared&#8221; icon_name=&#8221;li_world&#8221; icon_color=&#8221;#36353c&#8221; link=&#8221;url:https%3A%2F%2Fwww.facebook.com%2Fcafedelariviera%2F||target:%20_blank&#8221;]facebook.com\/cafedelariviera[\/vc_list_item][vc_empty_space height=&#8221;30px&#8221;][vc_gmaps link=&#8221;#E-8_JTNDaWZyYW1lJTIwc3JjJTNEJTIyaHR0cHMlM0ElMkYlMkZ3d3cuZ29vZ2xlLmNvbSUyRm1hcHMlMkZkJTJGZW1iZWQlM0ZtaWQlM0R6LVpjVWFsMVo1WnMua1dwN2IzaHpCNXRZJTIyJTIwd2lkdGglM0QlMjI2NDAlMjIlMjBoZWlnaHQlM0QlMjI0ODAlMjIlM0UlM0MlMkZpZnJhbWUlM0U=&#8221; size=&#8221;470&#8243;][\/vc_column][\/vc_row]<\/p>\n","protected":false},"excerpt":{"rendered":"<p>[vc_row row_height_type=&#8221;fixed_height&#8221; height=&#8221;350px&#8221; top=&#8221;0px&#8221; bottom=&#8221;0px&#8221; content_fadeout=&#8221;content-fadeout&#8221; bg_type=&#8221;image&#8221; bg_cover=&#8221;cover&#8221; bg_repeat=&#8221;no-repeat&#8221; bg_position=&#8221;Right top&#8221; row_seperator=&#8221;no-seperator&#8221; font_color=&#8221;#ffffff&#8221; bg_color=&#8221;#422100&#8243; bg_image=&#8221;6014&#8243;][vc_column][vc_heading h_size=&#8221;h-large&#8221; title=&#8221;Bolsa de Trabajo&#8221; title_color=&#8221;#ffffff&#8221; subtitle=&#8221;Estamos buscando talento&#8221; subtitle_color=&#8221;#ffffff&#8221; divider=&#8221;div-between&#8221; divider_type=&#8221;div-wide-thick&#8221; divider_color=&#8221;#8bdd4f&#8221; alignment=&#8221;align-left&#8221;][\/vc_column][\/vc_row][vc_row top=&#8221;100px&#8221; bottom=&#8221;70px&#8221; row_mobile_style=&#8221;ipad_full_width&#8221; row_seperator=&#8221;no-seperator&#8221;][vc_column width=&#8221;1\/2&#8243;][vc_heading h_size=&#8221;h-small&#8221; title=&#8221;Contacto y ventas en Caf\u00e9 de la Riviera&#8221; subtitle=&#8221;Env\u00edanos un mensaje&#8221; subtitle_color=&#8221;#8bdd4f&#8221; alignment=&#8221;align-left&#8221;][vc_empty_space height=&#8221;30px&#8221;][\/vc_column][vc_column width=&#8221;1\/2&#8243; css=&#8221;.vc_custom_1412421095668{padding-left: 40px !important;}&#8221;][vc_column_text] Bodega y Oficina Central [\/vc_column_text][vc_empty_space height=&#8221;20px&#8221;][vc_list_item type=&#8221;entypo&#8221; icon_entypo=&#8221;entypo-icon entypo-icon-home&#8221; icon_name=&#8221;icon-home&#8221; icon_color=&#8221;#36353c&#8221;]Calle 30 Mza 92 Lote 6 Regi\u00f3n 101, C.P. 77519 Canc\u00fan, Quintana Roo,&#8230;  <\/p>\n<div class=\"read-more\"><a class=\"excerpt-read-more\" href=\"https:\/\/cafedelariviera.com\/index.php\/contacto\/bolsa-de-trabajo\/\" title=\"Continue reading Bolsa de Trabajo\">Read more<i class=\"fa fa-angle-right\"><\/i><\/a><\/div>\n","protected":false},"author":6,"featured_media":0,"parent":31,"menu_order":0,"comment_status":"open","ping_status":"open","template":"page-full-width.php","meta":{"_monsterinsights_skip_tracking":false,"_monsterinsights_sitenote_active":false,"_monsterinsights_sitenote_note":"","_monsterinsights_sitenote_category":0,"footnotes":""},"class_list":["post-6888","page","type-page","status-publish","hentry"],"yoast_head":"<!-- This site is optimized with the Yoast SEO plugin v27.5 - https:\/\/yoast.com\/product\/yoast-seo-wordpress\/ -->\n<title>Bolsa de Trabajo - Caf\u00e9 de la Riviera | Canc\u00fan, Riviera Maya y Cozumel<\/title>\n<meta name=\"description\" content=\"\u00bfBuscas empleo? Tenemos bolsa de trabajo en Caf\u00e9 de la Riviera. Env\u00edanos tu curr\u00edculum o solicitud y forma parte de nuestra familia.\" \/>\n<meta name=\"robots\" content=\"index, follow, max-snippet:-1, max-image-preview:large, max-video-preview:-1\" \/>\n<link rel=\"canonical\" href=\"https:\/\/cafedelariviera.com\/index.php\/contacto\/bolsa-de-trabajo\/\" \/>\n<meta property=\"og:locale\" content=\"es_MX\" \/>\n<meta property=\"og:type\" content=\"article\" \/>\n<meta property=\"og:title\" content=\"Bolsa de Trabajo - Caf\u00e9 de la Riviera | Canc\u00fan, Riviera Maya y Cozumel\" \/>\n<meta property=\"og:description\" content=\"\u00bfBuscas empleo? Tenemos bolsa de trabajo en Caf\u00e9 de la Riviera. Env\u00edanos tu curr\u00edculum o solicitud y forma parte de nuestra familia.\" \/>\n<meta property=\"og:url\" content=\"https:\/\/cafedelariviera.com\/index.php\/contacto\/bolsa-de-trabajo\/\" \/>\n<meta property=\"og:site_name\" content=\"Caf\u00e9 de la Riviera\" \/>\n<meta name=\"twitter:card\" content=\"summary_large_image\" \/>\n<meta name=\"twitter:label1\" content=\"Tiempo de lectura\" \/>\n\t<meta name=\"twitter:data1\" content=\"2 minutos\" \/>\n<script type=\"application\/ld+json\" class=\"yoast-schema-graph\">{\"@context\":\"https:\\\/\\\/schema.org\",\"@graph\":[{\"@type\":\"WebPage\",\"@id\":\"https:\\\/\\\/cafedelariviera.com\\\/index.php\\\/contacto\\\/bolsa-de-trabajo\\\/\",\"url\":\"https:\\\/\\\/cafedelariviera.com\\\/index.php\\\/contacto\\\/bolsa-de-trabajo\\\/\",\"name\":\"Bolsa de Trabajo - Caf\u00e9 de la Riviera | Canc\u00fan, Riviera Maya y Cozumel\",\"isPartOf\":{\"@id\":\"https:\\\/\\\/cafedelariviera.com\\\/#website\"},\"datePublished\":\"2018-06-27T22:20:20+00:00\",\"description\":\"\u00bfBuscas empleo? Tenemos bolsa de trabajo en Caf\u00e9 de la Riviera. Env\u00edanos tu curr\u00edculum o solicitud y forma parte de nuestra familia.\",\"breadcrumb\":{\"@id\":\"https:\\\/\\\/cafedelariviera.com\\\/index.php\\\/contacto\\\/bolsa-de-trabajo\\\/#breadcrumb\"},\"inLanguage\":\"es\",\"potentialAction\":[{\"@type\":\"ReadAction\",\"target\":[\"https:\\\/\\\/cafedelariviera.com\\\/index.php\\\/contacto\\\/bolsa-de-trabajo\\\/\"]}]},{\"@type\":\"BreadcrumbList\",\"@id\":\"https:\\\/\\\/cafedelariviera.com\\\/index.php\\\/contacto\\\/bolsa-de-trabajo\\\/#breadcrumb\",\"itemListElement\":[{\"@type\":\"ListItem\",\"position\":1,\"name\":\"Home\",\"item\":\"https:\\\/\\\/cafedelariviera.com\\\/\"},{\"@type\":\"ListItem\",\"position\":2,\"name\":\"Contacto\",\"item\":\"https:\\\/\\\/cafedelariviera.com\\\/index.php\\\/contacto\\\/\"},{\"@type\":\"ListItem\",\"position\":3,\"name\":\"Bolsa de Trabajo\"}]},{\"@type\":\"WebSite\",\"@id\":\"https:\\\/\\\/cafedelariviera.com\\\/#website\",\"url\":\"https:\\\/\\\/cafedelariviera.com\\\/\",\"name\":\"Caf\u00e9 de la Riviera\",\"description\":\"Caf\u00e9 gourmet mexicano, fresco, reci\u00e9n tostado, personalizado al gusto de la industria tur\u00edstica de Canc\u00fan, Riviera Maya y el sureste Mexicano.\",\"potentialAction\":[{\"@type\":\"SearchAction\",\"target\":{\"@type\":\"EntryPoint\",\"urlTemplate\":\"https:\\\/\\\/cafedelariviera.com\\\/?s={search_term_string}\"},\"query-input\":{\"@type\":\"PropertyValueSpecification\",\"valueRequired\":true,\"valueName\":\"search_term_string\"}}],\"inLanguage\":\"es\"}]}<\/script>\n<!-- \/ Yoast SEO plugin. -->","yoast_head_json":{"title":"Bolsa de Trabajo - Caf\u00e9 de la Riviera | Canc\u00fan, Riviera Maya y Cozumel","description":"\u00bfBuscas empleo? Tenemos bolsa de trabajo en Caf\u00e9 de la Riviera. Env\u00edanos tu curr\u00edculum o solicitud y forma parte de nuestra familia.","robots":{"index":"index","follow":"follow","max-snippet":"max-snippet:-1","max-image-preview":"max-image-preview:large","max-video-preview":"max-video-preview:-1"},"canonical":"https:\/\/cafedelariviera.com\/index.php\/contacto\/bolsa-de-trabajo\/","og_locale":"es_MX","og_type":"article","og_title":"Bolsa de Trabajo - Caf\u00e9 de la Riviera | Canc\u00fan, Riviera Maya y Cozumel","og_description":"\u00bfBuscas empleo? Tenemos bolsa de trabajo en Caf\u00e9 de la Riviera. Env\u00edanos tu curr\u00edculum o solicitud y forma parte de nuestra familia.","og_url":"https:\/\/cafedelariviera.com\/index.php\/contacto\/bolsa-de-trabajo\/","og_site_name":"Caf\u00e9 de la Riviera","twitter_card":"summary_large_image","twitter_misc":{"Tiempo de lectura":"2 minutos"},"schema":{"@context":"https:\/\/schema.org","@graph":[{"@type":"WebPage","@id":"https:\/\/cafedelariviera.com\/index.php\/contacto\/bolsa-de-trabajo\/","url":"https:\/\/cafedelariviera.com\/index.php\/contacto\/bolsa-de-trabajo\/","name":"Bolsa de Trabajo - Caf\u00e9 de la Riviera | Canc\u00fan, Riviera Maya y Cozumel","isPartOf":{"@id":"https:\/\/cafedelariviera.com\/#website"},"datePublished":"2018-06-27T22:20:20+00:00","description":"\u00bfBuscas empleo? Tenemos bolsa de trabajo en Caf\u00e9 de la Riviera. Env\u00edanos tu curr\u00edculum o solicitud y forma parte de nuestra familia.","breadcrumb":{"@id":"https:\/\/cafedelariviera.com\/index.php\/contacto\/bolsa-de-trabajo\/#breadcrumb"},"inLanguage":"es","potentialAction":[{"@type":"ReadAction","target":["https:\/\/cafedelariviera.com\/index.php\/contacto\/bolsa-de-trabajo\/"]}]},{"@type":"BreadcrumbList","@id":"https:\/\/cafedelariviera.com\/index.php\/contacto\/bolsa-de-trabajo\/#breadcrumb","itemListElement":[{"@type":"ListItem","position":1,"name":"Home","item":"https:\/\/cafedelariviera.com\/"},{"@type":"ListItem","position":2,"name":"Contacto","item":"https:\/\/cafedelariviera.com\/index.php\/contacto\/"},{"@type":"ListItem","position":3,"name":"Bolsa de Trabajo"}]},{"@type":"WebSite","@id":"https:\/\/cafedelariviera.com\/#website","url":"https:\/\/cafedelariviera.com\/","name":"Caf\u00e9 de la Riviera","description":"Caf\u00e9 gourmet mexicano, fresco, reci\u00e9n tostado, personalizado al gusto de la industria tur\u00edstica de Canc\u00fan, Riviera Maya y el sureste Mexicano.","potentialAction":[{"@type":"SearchAction","target":{"@type":"EntryPoint","urlTemplate":"https:\/\/cafedelariviera.com\/?s={search_term_string}"},"query-input":{"@type":"PropertyValueSpecification","valueRequired":true,"valueName":"search_term_string"}}],"inLanguage":"es"}]}},"_links":{"self":[{"href":"https:\/\/cafedelariviera.com\/index.php\/wp-json\/wp\/v2\/pages\/6888","targetHints":{"allow":["GET"]}}],"collection":[{"href":"https:\/\/cafedelariviera.com\/index.php\/wp-json\/wp\/v2\/pages"}],"about":[{"href":"https:\/\/cafedelariviera.com\/index.php\/wp-json\/wp\/v2\/types\/page"}],"author":[{"embeddable":true,"href":"https:\/\/cafedelariviera.com\/index.php\/wp-json\/wp\/v2\/users\/6"}],"replies":[{"embeddable":true,"href":"https:\/\/cafedelariviera.com\/index.php\/wp-json\/wp\/v2\/comments?post=6888"}],"version-history":[{"count":2,"href":"https:\/\/cafedelariviera.com\/index.php\/wp-json\/wp\/v2\/pages\/6888\/revisions"}],"predecessor-version":[{"id":6890,"href":"https:\/\/cafedelariviera.com\/index.php\/wp-json\/wp\/v2\/pages\/6888\/revisions\/6890"}],"up":[{"embeddable":true,"href":"https:\/\/cafedelariviera.com\/index.php\/wp-json\/wp\/v2\/pages\/31"}],"wp:attachment":[{"href":"https:\/\/cafedelariviera.com\/index.php\/wp-json\/wp\/v2\/media?parent=6888"}],"curies":[{"name":"wp","href":"https:\/\/api.w.org\/{rel}","templated":true}]}}